{"id":3148,"date":"2025-10-21T20:31:52","date_gmt":"2025-10-21T20:31:52","guid":{"rendered":"https:\/\/daco.al\/visitdurres\/atraksione\/inkubatori-social-duart-e-arta\/"},"modified":"2025-10-21T20:31:52","modified_gmt":"2025-10-21T20:31:52","slug":"inkubatori-social-duart-e-arta","status":"publish","type":"attraction","link":"https:\/\/daco.al\/visitdurres\/index.php\/atraksione\/inkubatori-social-duart-e-arta\/","title":{"rendered":"Inkubatori Social &#8220;Duart e Arta&#8221;"},"content":{"rendered":"<p>Inkubatori Social &#8220;Duart e Arta&#8221; \u00ebsht\u00eb krijuar p\u00ebr t\u00eb fuqizuar ekonomikisht grat\u00eb dhe vajzat n\u00ebp\u00ebrmjet pun\u00ebs s\u00eb dor\u00ebs dhe promovimit t\u00eb tradit\u00ebs. Themeluar n\u00eb vitin 2012, inkubatori ofron trajnime dhe mb\u00ebshtetje p\u00ebr artizanet vendase dhe promovon produktet e tyre tradicionale.<\/p>\n","protected":false},"excerpt":{"rendered":"<p>Inkubatori Social &#8220;Duart e Arta&#8221; \u00ebsht\u00eb krijuar p\u00ebr t\u00eb fuqizuar ekonomikisht grat\u00eb dhe vajzat n\u00ebp\u00ebrmjet pun\u00ebs s\u00eb dor\u00ebs dhe promovimit t\u00eb tradit\u00ebs. Themeluar n\u00eb vitin 2012, inkubatori ofron trajnime dhe&#8230;<\/p>\n","protected":false},"featured_media":3149,"comment_status":"open","ping_status":"closed","template":"","meta":{"_monsterinsights_skip_tracking":false,"_monsterinsights_sitenote_active":false,"_monsterinsights_sitenote_note":"","_monsterinsights_sitenote_category":0},"attraction_category":[],"location":[],"attraction_tag":[],"class_list":["post-3148","attraction","type-attraction","status-publish","has-post-thumbnail","hentry"],"yoast_head":"<!-- This site is optimized with the Yoast SEO plugin v26.3 - https:\/\/yoast.com\/wordpress\/plugins\/seo\/ -->\n<title>Inkubatori Social &quot;Duart e Arta&quot; | Bashkia Durr\u00ebs - Faqja Zyrtare<\/title>\n<meta name=\"robots\" content=\"index, follow, max-snippet:-1, max-image-preview:large, max-video-preview:-1\" \/>\n<link rel=\"canonical\" href=\"https:\/\/daco.al\/visitdurres\/index.php\/atraksione\/inkubatori-social-duart-e-arta\/\" \/>\n<meta property=\"og:locale\" content=\"en_US\" \/>\n<meta property=\"og:type\" content=\"article\" \/>\n<meta property=\"og:title\" content=\"Inkubatori Social &quot;Duart e Arta&quot; | Bashkia Durr\u00ebs - Faqja Zyrtare\" \/>\n<meta property=\"og:description\" content=\"Inkubatori Social &#8220;Duart e Arta&#8221; \u00ebsht\u00eb krijuar p\u00ebr t\u00eb fuqizuar ekonomikisht grat\u00eb dhe vajzat n\u00ebp\u00ebrmjet pun\u00ebs s\u00eb dor\u00ebs dhe promovimit t\u00eb tradit\u00ebs. Themeluar n\u00eb vitin 2012, inkubatori ofron trajnime dhe...\" \/>\n<meta property=\"og:url\" content=\"https:\/\/daco.al\/visitdurres\/index.php\/atraksione\/inkubatori-social-duart-e-arta\/\" \/>\n<meta property=\"og:site_name\" content=\"Bashkia Durr\u00ebs - Faqja Zyrtare\" \/>\n<meta name=\"twitter:card\" content=\"summary_large_image\" \/>\n<script type=\"application\/ld+json\" class=\"yoast-schema-graph\">{\"@context\":\"https:\/\/schema.org\",\"@graph\":[{\"@type\":\"WebPage\",\"@id\":\"https:\/\/daco.al\/visitdurres\/index.php\/atraksione\/inkubatori-social-duart-e-arta\/\",\"url\":\"https:\/\/daco.al\/visitdurres\/index.php\/atraksione\/inkubatori-social-duart-e-arta\/\",\"name\":\"Inkubatori Social \\\"Duart e Arta\\\" | Bashkia Durr\u00ebs - Faqja Zyrtare\",\"isPartOf\":{\"@id\":\"https:\/\/daco.al\/visitdurres\/#website\"},\"primaryImageOfPage\":{\"@id\":\"https:\/\/daco.al\/visitdurres\/index.php\/atraksione\/inkubatori-social-duart-e-arta\/#primaryimage\"},\"image\":{\"@id\":\"https:\/\/daco.al\/visitdurres\/index.php\/atraksione\/inkubatori-social-duart-e-arta\/#primaryimage\"},\"thumbnailUrl\":\"https:\/\/daco.al\/visitdurres\/wp-content\/uploads\/attraction-icons\/Inkubatori-Social-Duart-e-Arta-icon.svg\",\"datePublished\":\"2025-10-21T20:31:52+00:00\",\"breadcrumb\":{\"@id\":\"https:\/\/daco.al\/visitdurres\/index.php\/atraksione\/inkubatori-social-duart-e-arta\/#breadcrumb\"},\"inLanguage\":\"en-US\",\"potentialAction\":[{\"@type\":\"ReadAction\",\"target\":[\"https:\/\/daco.al\/visitdurres\/index.php\/atraksione\/inkubatori-social-duart-e-arta\/\"]}]},{\"@type\":\"ImageObject\",\"inLanguage\":\"en-US\",\"@id\":\"https:\/\/daco.al\/visitdurres\/index.php\/atraksione\/inkubatori-social-duart-e-arta\/#primaryimage\",\"url\":\"https:\/\/daco.al\/visitdurres\/wp-content\/uploads\/attraction-icons\/Inkubatori-Social-Duart-e-Arta-icon.svg\",\"contentUrl\":\"https:\/\/daco.al\/visitdurres\/wp-content\/uploads\/attraction-icons\/Inkubatori-Social-Duart-e-Arta-icon.svg\"},{\"@type\":\"BreadcrumbList\",\"@id\":\"https:\/\/daco.al\/visitdurres\/index.php\/atraksione\/inkubatori-social-duart-e-arta\/#breadcrumb\",\"itemListElement\":[{\"@type\":\"ListItem\",\"position\":1,\"name\":\"Home\",\"item\":\"https:\/\/daco.al\/visitdurres\/\"},{\"@type\":\"ListItem\",\"position\":2,\"name\":\"Atraksione\",\"item\":\"https:\/\/daco.al\/visitdurres\/index.php\/atraksione\/\"},{\"@type\":\"ListItem\",\"position\":3,\"name\":\"Inkubatori Social &#8220;Duart e Arta&#8221;\"}]},{\"@type\":\"WebSite\",\"@id\":\"https:\/\/daco.al\/visitdurres\/#website\",\"url\":\"https:\/\/daco.al\/visitdurres\/\",\"name\":\"Visitdurres\",\"description\":\"Vizitoni Durresin\",\"publisher\":{\"@id\":\"https:\/\/daco.al\/visitdurres\/#organization\"},\"potentialAction\":[{\"@type\":\"SearchAction\",\"target\":{\"@type\":\"EntryPoint\",\"urlTemplate\":\"https:\/\/daco.al\/visitdurres\/?s={search_term_string}\"},\"query-input\":{\"@type\":\"PropertyValueSpecification\",\"valueRequired\":true,\"valueName\":\"search_term_string\"}}],\"inLanguage\":\"en-US\"},{\"@type\":\"Organization\",\"@id\":\"https:\/\/daco.al\/visitdurres\/#organization\",\"name\":\"Visitdurres\",\"url\":\"https:\/\/daco.al\/visitdurres\/\",\"logo\":{\"@type\":\"ImageObject\",\"inLanguage\":\"en-US\",\"@id\":\"https:\/\/daco.al\/visitdurres\/#\/schema\/logo\/image\/\",\"url\":\"https:\/\/daco.al\/visitdurres\/wp-content\/uploads\/2023\/07\/cropped-durres-logo-2.png\",\"contentUrl\":\"https:\/\/daco.al\/visitdurres\/wp-content\/uploads\/2023\/07\/cropped-durres-logo-2.png\",\"width\":456,\"height\":250,\"caption\":\"Visitdurres\"},\"image\":{\"@id\":\"https:\/\/daco.al\/visitdurres\/#\/schema\/logo\/image\/\"}}]}<\/script>\n<!-- \/ Yoast SEO plugin. -->","yoast_head_json":{"title":"Inkubatori Social \"Duart e Arta\" | Bashkia Durr\u00ebs - Faqja Zyrtare","robots":{"index":"index","follow":"follow","max-snippet":"max-snippet:-1","max-image-preview":"max-image-preview:large","max-video-preview":"max-video-preview:-1"},"canonical":"https:\/\/daco.al\/visitdurres\/index.php\/atraksione\/inkubatori-social-duart-e-arta\/","og_locale":"en_US","og_type":"article","og_title":"Inkubatori Social \"Duart e Arta\" | Bashkia Durr\u00ebs - Faqja Zyrtare","og_description":"Inkubatori Social &#8220;Duart e Arta&#8221; \u00ebsht\u00eb krijuar p\u00ebr t\u00eb fuqizuar ekonomikisht grat\u00eb dhe vajzat n\u00ebp\u00ebrmjet pun\u00ebs s\u00eb dor\u00ebs dhe promovimit t\u00eb tradit\u00ebs. Themeluar n\u00eb vitin 2012, inkubatori ofron trajnime dhe...","og_url":"https:\/\/daco.al\/visitdurres\/index.php\/atraksione\/inkubatori-social-duart-e-arta\/","og_site_name":"Bashkia Durr\u00ebs - Faqja Zyrtare","twitter_card":"summary_large_image","schema":{"@context":"https:\/\/schema.org","@graph":[{"@type":"WebPage","@id":"https:\/\/daco.al\/visitdurres\/index.php\/atraksione\/inkubatori-social-duart-e-arta\/","url":"https:\/\/daco.al\/visitdurres\/index.php\/atraksione\/inkubatori-social-duart-e-arta\/","name":"Inkubatori Social \"Duart e Arta\" | Bashkia Durr\u00ebs - Faqja Zyrtare","isPartOf":{"@id":"https:\/\/daco.al\/visitdurres\/#website"},"primaryImageOfPage":{"@id":"https:\/\/daco.al\/visitdurres\/index.php\/atraksione\/inkubatori-social-duart-e-arta\/#primaryimage"},"image":{"@id":"https:\/\/daco.al\/visitdurres\/index.php\/atraksione\/inkubatori-social-duart-e-arta\/#primaryimage"},"thumbnailUrl":"https:\/\/daco.al\/visitdurres\/wp-content\/uploads\/attraction-icons\/Inkubatori-Social-Duart-e-Arta-icon.svg","datePublished":"2025-10-21T20:31:52+00:00","breadcrumb":{"@id":"https:\/\/daco.al\/visitdurres\/index.php\/atraksione\/inkubatori-social-duart-e-arta\/#breadcrumb"},"inLanguage":"en-US","potentialAction":[{"@type":"ReadAction","target":["https:\/\/daco.al\/visitdurres\/index.php\/atraksione\/inkubatori-social-duart-e-arta\/"]}]},{"@type":"ImageObject","inLanguage":"en-US","@id":"https:\/\/daco.al\/visitdurres\/index.php\/atraksione\/inkubatori-social-duart-e-arta\/#primaryimage","url":"https:\/\/daco.al\/visitdurres\/wp-content\/uploads\/attraction-icons\/Inkubatori-Social-Duart-e-Arta-icon.svg","contentUrl":"https:\/\/daco.al\/visitdurres\/wp-content\/uploads\/attraction-icons\/Inkubatori-Social-Duart-e-Arta-icon.svg"},{"@type":"BreadcrumbList","@id":"https:\/\/daco.al\/visitdurres\/index.php\/atraksione\/inkubatori-social-duart-e-arta\/#breadcrumb","itemListElement":[{"@type":"ListItem","position":1,"name":"Home","item":"https:\/\/daco.al\/visitdurres\/"},{"@type":"ListItem","position":2,"name":"Atraksione","item":"https:\/\/daco.al\/visitdurres\/index.php\/atraksione\/"},{"@type":"ListItem","position":3,"name":"Inkubatori Social &#8220;Duart e Arta&#8221;"}]},{"@type":"WebSite","@id":"https:\/\/daco.al\/visitdurres\/#website","url":"https:\/\/daco.al\/visitdurres\/","name":"Visitdurres","description":"Vizitoni Durresin","publisher":{"@id":"https:\/\/daco.al\/visitdurres\/#organization"},"potentialAction":[{"@type":"SearchAction","target":{"@type":"EntryPoint","urlTemplate":"https:\/\/daco.al\/visitdurres\/?s={search_term_string}"},"query-input":{"@type":"PropertyValueSpecification","valueRequired":true,"valueName":"search_term_string"}}],"inLanguage":"en-US"},{"@type":"Organization","@id":"https:\/\/daco.al\/visitdurres\/#organization","name":"Visitdurres","url":"https:\/\/daco.al\/visitdurres\/","logo":{"@type":"ImageObject","inLanguage":"en-US","@id":"https:\/\/daco.al\/visitdurres\/#\/schema\/logo\/image\/","url":"https:\/\/daco.al\/visitdurres\/wp-content\/uploads\/2023\/07\/cropped-durres-logo-2.png","contentUrl":"https:\/\/daco.al\/visitdurres\/wp-content\/uploads\/2023\/07\/cropped-durres-logo-2.png","width":456,"height":250,"caption":"Visitdurres"},"image":{"@id":"https:\/\/daco.al\/visitdurres\/#\/schema\/logo\/image\/"}}]}},"_links":{"self":[{"href":"https:\/\/daco.al\/visitdurres\/index.php\/wp-json\/wp\/v2\/attraction\/3148","targetHints":{"allow":["GET"]}}],"collection":[{"href":"https:\/\/daco.al\/visitdurres\/index.php\/wp-json\/wp\/v2\/attraction"}],"about":[{"href":"https:\/\/daco.al\/visitdurres\/index.php\/wp-json\/wp\/v2\/types\/attraction"}],"replies":[{"embeddable":true,"href":"https:\/\/daco.al\/visitdurres\/index.php\/wp-json\/wp\/v2\/comments?post=3148"}],"wp:featuredmedia":[{"embeddable":true,"href":"https:\/\/daco.al\/visitdurres\/index.php\/wp-json\/wp\/v2\/media\/3149"}],"wp:attachment":[{"href":"https:\/\/daco.al\/visitdurres\/index.php\/wp-json\/wp\/v2\/media?parent=3148"}],"wp:term":[{"taxonomy":"attraction_category","embeddable":true,"href":"https:\/\/daco.al\/visitdurres\/index.php\/wp-json\/wp\/v2\/attraction_category?post=3148"},{"taxonomy":"location","embeddable":true,"href":"https:\/\/daco.al\/visitdurres\/index.php\/wp-json\/wp\/v2\/location?post=3148"},{"taxonomy":"attraction_tag","embeddable":true,"href":"https:\/\/daco.al\/visitdurres\/index.php\/wp-json\/wp\/v2\/attraction_tag?post=3148"}],"curies":[{"name":"wp","href":"https:\/\/api.w.org\/{rel}","templated":true}]}}