{"id":3297,"date":"2025-11-13T13:12:28","date_gmt":"2025-11-13T13:12:28","guid":{"rendered":"https:\/\/daco.al\/visitdurres\/?post_type=old_door&#038;p=3297"},"modified":"2025-11-13T13:38:47","modified_gmt":"2025-11-13T13:38:47","slug":"familja-tedeschini","status":"publish","type":"old_door","link":"https:\/\/daco.al\/visitdurres\/index.php\/shtegu-dyerve\/familja-tedeschini\/","title":{"rendered":"Familja Tedeschini"},"content":{"rendered":"\n<p><strong>Dera e Familjes Tedeschini<\/strong><\/p>\n\n\n\n<p>Nj\u00eb nga elementet m\u00eb t\u00eb rrall\u00eb t\u00eb arkitektur\u00ebs historike t\u00eb Durr\u00ebsit, q\u00eb i p\u00ebrket mesit t\u00eb shekullit XIX, dhe q\u00eb ruan vlerat e stilit neoklasik me ndikime italiane.<\/p>\n\n\n\n<h3 class=\"wp-block-heading\"><strong>Historia e Familjes<\/strong><\/h3>\n\n\n\n<p>Familja <strong>Tedeschini<\/strong> \u00ebsht\u00eb nj\u00eb familje fisnike me prejardhje nga qyteti <strong>Vasto<\/strong>, n\u00eb provinc\u00ebn e <strong>Chietit<\/strong>, Itali.<br>N\u00eb vitin <strong>1843<\/strong>, v\u00ebllez\u00ebrit <strong>Josef<\/strong> dhe <strong>Francesko Tedeschini<\/strong>, konsuj t\u00eb <strong>Austro-Hungaris\u00eb<\/strong> n\u00eb Durr\u00ebs, nd\u00ebrtuan <strong>Vila Tedeschini<\/strong>, e cila p\u00ebrve\u00e7se banes\u00eb familjare, sh\u00ebrbeu edhe si <strong>Konsullata Austriake<\/strong>.<br>Ajo u b\u00eb e njohur p\u00ebr mikpritjen e shum\u00eb diplomat\u00ebve e personaliteteve t\u00eb huaja, nd\u00ebr ta edhe albanologu i njohur <strong>Johan Georg von Hahn<\/strong>.<br>P\u00ebr shum\u00eb vite nj\u00eb pjes\u00eb e vil\u00ebs funksionoi si <strong>\u201cFarmacia Tedeschini\u201d<\/strong>, ku ila\u00e7et ofroheshin <strong>falas p\u00ebr njer\u00ebzit n\u00eb nevoj\u00eb<\/strong>, duke e kthyer k\u00ebt\u00eb sht\u00ebpi n\u00eb nj\u00eb simbol t\u00eb solidaritetit qytetar.<\/p>\n\n\n\n<h3 class=\"wp-block-heading\"><strong>Karakteristikat Arkitekturore<\/strong><\/h3>\n\n\n\n<ul class=\"wp-block-list\">\n<li>Dera monumentale me elemente <strong>neoklasike italiane<\/strong><\/li>\n\n\n\n<li>Korniza guri t\u00eb punuara me mjesht\u00ebri dhe <strong>detaje dekorative floreale<\/strong><\/li>\n\n\n\n<li><strong>Dritare simetrike<\/strong> dhe ballkon me <strong>hekur t\u00eb rrahur<\/strong><\/li>\n\n\n\n<li><strong>Ngjyrime origjinale<\/strong> t\u00eb ruajtura pjes\u00ebrisht n\u00eb fasad\u00eb<\/li>\n\n\n\n<li>Ambientet e brendshme p\u00ebrfshinin nj\u00eb <strong>kapel\u00eb familjare<\/strong>, ku deri n\u00eb nd\u00ebrtimin e kish\u00ebs s\u00eb <strong>Sh\u00ebn Lu\u00e7is\u00eb<\/strong> n\u00eb vitin <strong>1868<\/strong>, zhvilloheshin ceremonit\u00eb fetare t\u00eb ritit katolik<\/li>\n<\/ul>\n\n\n\n<h3 class=\"wp-block-heading\"><strong>R\u00ebnd\u00ebsia Kulturore<\/strong><\/h3>\n\n\n\n<p>Vila dhe dera e saj p\u00ebrfaq\u00ebsojn\u00eb <strong>fillimet e ndikimit italian n\u00eb arkitektur\u00ebn qytetare t\u00eb Durr\u00ebsit<\/strong> gjat\u00eb shekullit XIX.<br>Ato jan\u00eb d\u00ebshmi e <strong>bashk\u00ebjetes\u00ebs kulturore shqiptaro-italiane<\/strong> dhe e rolit t\u00eb qytetit si port\u00eb diplomatike e Mesdheut.<br><strong>Dera e Familjes Tedeschini<\/strong> konsiderohet sot nj\u00eb <strong>trash\u00ebgimi kulturore e mbrojtur<\/strong> dhe nj\u00eb nga monumentet q\u00eb pasqyron m\u00eb s\u00eb miri <strong>historin\u00eb, mikpritjen dhe stilin aristokratik t\u00eb koh\u00ebs.<\/strong><\/p>\n","protected":false},"excerpt":{"rendered":"<p>Dera e Familjes Tedeschini Nj\u00eb nga elementet m\u00eb t\u00eb rrall\u00eb t\u00eb arkitektur\u00ebs historike t\u00eb Durr\u00ebsit, q\u00eb i p\u00ebrket mesit t\u00eb shekullit XIX, dhe q\u00eb ruan vlerat e stilit neoklasik me&#8230;<\/p>\n","protected":false},"featured_media":3298,"template":"","meta":{"_monsterinsights_skip_tracking":false,"_monsterinsights_sitenote_active":false,"_monsterinsights_sitenote_note":"","_monsterinsights_sitenote_category":0},"location":[],"old_door_category":[],"old_door_tag":[],"class_list":["post-3297","old_door","type-old_door","status-publish","has-post-thumbnail","hentry"],"yoast_head":"<!-- This site is optimized with the Yoast SEO plugin v26.3 - https:\/\/yoast.com\/wordpress\/plugins\/seo\/ -->\n<title>Familja Tedeschini | Bashkia Durr\u00ebs - Faqja Zyrtare<\/title>\n<meta name=\"robots\" content=\"index, follow, max-snippet:-1, max-image-preview:large, max-video-preview:-1\" \/>\n<link rel=\"canonical\" href=\"https:\/\/daco.al\/visitdurres\/index.php\/shtegu-dyerve\/familja-tedeschini\/\" \/>\n<meta property=\"og:locale\" content=\"en_US\" \/>\n<meta property=\"og:type\" content=\"article\" \/>\n<meta property=\"og:title\" content=\"Familja Tedeschini | Bashkia Durr\u00ebs - Faqja Zyrtare\" \/>\n<meta property=\"og:description\" content=\"Dera e Familjes Tedeschini Nj\u00eb nga elementet m\u00eb t\u00eb rrall\u00eb t\u00eb arkitektur\u00ebs historike t\u00eb Durr\u00ebsit, q\u00eb i p\u00ebrket mesit t\u00eb shekullit XIX, dhe q\u00eb ruan vlerat e stilit neoklasik me...\" \/>\n<meta property=\"og:url\" content=\"https:\/\/daco.al\/visitdurres\/index.php\/shtegu-dyerve\/familja-tedeschini\/\" \/>\n<meta property=\"og:site_name\" content=\"Bashkia Durr\u00ebs - Faqja Zyrtare\" \/>\n<meta property=\"article:modified_time\" content=\"2025-11-13T13:38:47+00:00\" \/>\n<meta property=\"og:image\" content=\"https:\/\/daco.al\/visitdurres\/wp-content\/uploads\/2025\/11\/Familja-Tedeschini.jpeg\" \/>\n\t<meta property=\"og:image:width\" content=\"900\" \/>\n\t<meta property=\"og:image:height\" content=\"1600\" \/>\n\t<meta property=\"og:image:type\" content=\"image\/jpeg\" \/>\n<meta name=\"twitter:card\" content=\"summary_large_image\" \/>\n<meta name=\"twitter:label1\" content=\"Est. reading time\" \/>\n\t<meta name=\"twitter:data1\" content=\"2 minutes\" \/>\n<script type=\"application\/ld+json\" class=\"yoast-schema-graph\">{\"@context\":\"https:\/\/schema.org\",\"@graph\":[{\"@type\":\"WebPage\",\"@id\":\"https:\/\/daco.al\/visitdurres\/index.php\/shtegu-dyerve\/familja-tedeschini\/\",\"url\":\"https:\/\/daco.al\/visitdurres\/index.php\/shtegu-dyerve\/familja-tedeschini\/\",\"name\":\"Familja Tedeschini | Bashkia Durr\u00ebs - Faqja Zyrtare\",\"isPartOf\":{\"@id\":\"https:\/\/daco.al\/visitdurres\/#website\"},\"primaryImageOfPage\":{\"@id\":\"https:\/\/daco.al\/visitdurres\/index.php\/shtegu-dyerve\/familja-tedeschini\/#primaryimage\"},\"image\":{\"@id\":\"https:\/\/daco.al\/visitdurres\/index.php\/shtegu-dyerve\/familja-tedeschini\/#primaryimage\"},\"thumbnailUrl\":\"https:\/\/daco.al\/visitdurres\/wp-content\/uploads\/2025\/11\/Familja-Tedeschini.jpeg\",\"datePublished\":\"2025-11-13T13:12:28+00:00\",\"dateModified\":\"2025-11-13T13:38:47+00:00\",\"breadcrumb\":{\"@id\":\"https:\/\/daco.al\/visitdurres\/index.php\/shtegu-dyerve\/familja-tedeschini\/#breadcrumb\"},\"inLanguage\":\"en-US\",\"potentialAction\":[{\"@type\":\"ReadAction\",\"target\":[\"https:\/\/daco.al\/visitdurres\/index.php\/shtegu-dyerve\/familja-tedeschini\/\"]}]},{\"@type\":\"ImageObject\",\"inLanguage\":\"en-US\",\"@id\":\"https:\/\/daco.al\/visitdurres\/index.php\/shtegu-dyerve\/familja-tedeschini\/#primaryimage\",\"url\":\"https:\/\/daco.al\/visitdurres\/wp-content\/uploads\/2025\/11\/Familja-Tedeschini.jpeg\",\"contentUrl\":\"https:\/\/daco.al\/visitdurres\/wp-content\/uploads\/2025\/11\/Familja-Tedeschini.jpeg\",\"width\":900,\"height\":1600},{\"@type\":\"BreadcrumbList\",\"@id\":\"https:\/\/daco.al\/visitdurres\/index.php\/shtegu-dyerve\/familja-tedeschini\/#breadcrumb\",\"itemListElement\":[{\"@type\":\"ListItem\",\"position\":1,\"name\":\"Home\",\"item\":\"https:\/\/daco.al\/visitdurres\/\"},{\"@type\":\"ListItem\",\"position\":2,\"name\":\"Shtegu i Dyerve\",\"item\":\"https:\/\/daco.al\/visitdurres\/index.php\/shtegu-dyerve\/\"},{\"@type\":\"ListItem\",\"position\":3,\"name\":\"Familja Tedeschini\"}]},{\"@type\":\"WebSite\",\"@id\":\"https:\/\/daco.al\/visitdurres\/#website\",\"url\":\"https:\/\/daco.al\/visitdurres\/\",\"name\":\"Visitdurres\",\"description\":\"Vizitoni Durresin\",\"publisher\":{\"@id\":\"https:\/\/daco.al\/visitdurres\/#organization\"},\"potentialAction\":[{\"@type\":\"SearchAction\",\"target\":{\"@type\":\"EntryPoint\",\"urlTemplate\":\"https:\/\/daco.al\/visitdurres\/?s={search_term_string}\"},\"query-input\":{\"@type\":\"PropertyValueSpecification\",\"valueRequired\":true,\"valueName\":\"search_term_string\"}}],\"inLanguage\":\"en-US\"},{\"@type\":\"Organization\",\"@id\":\"https:\/\/daco.al\/visitdurres\/#organization\",\"name\":\"Visitdurres\",\"url\":\"https:\/\/daco.al\/visitdurres\/\",\"logo\":{\"@type\":\"ImageObject\",\"inLanguage\":\"en-US\",\"@id\":\"https:\/\/daco.al\/visitdurres\/#\/schema\/logo\/image\/\",\"url\":\"https:\/\/daco.al\/visitdurres\/wp-content\/uploads\/2023\/07\/cropped-durres-logo-2.png\",\"contentUrl\":\"https:\/\/daco.al\/visitdurres\/wp-content\/uploads\/2023\/07\/cropped-durres-logo-2.png\",\"width\":456,\"height\":250,\"caption\":\"Visitdurres\"},\"image\":{\"@id\":\"https:\/\/daco.al\/visitdurres\/#\/schema\/logo\/image\/\"}}]}<\/script>\n<!-- \/ Yoast SEO plugin. -->","yoast_head_json":{"title":"Familja Tedeschini | Bashkia Durr\u00ebs - Faqja Zyrtare","robots":{"index":"index","follow":"follow","max-snippet":"max-snippet:-1","max-image-preview":"max-image-preview:large","max-video-preview":"max-video-preview:-1"},"canonical":"https:\/\/daco.al\/visitdurres\/index.php\/shtegu-dyerve\/familja-tedeschini\/","og_locale":"en_US","og_type":"article","og_title":"Familja Tedeschini | Bashkia Durr\u00ebs - Faqja Zyrtare","og_description":"Dera e Familjes Tedeschini Nj\u00eb nga elementet m\u00eb t\u00eb rrall\u00eb t\u00eb arkitektur\u00ebs historike t\u00eb Durr\u00ebsit, q\u00eb i p\u00ebrket mesit t\u00eb shekullit XIX, dhe q\u00eb ruan vlerat e stilit neoklasik me...","og_url":"https:\/\/daco.al\/visitdurres\/index.php\/shtegu-dyerve\/familja-tedeschini\/","og_site_name":"Bashkia Durr\u00ebs - Faqja Zyrtare","article_modified_time":"2025-11-13T13:38:47+00:00","og_image":[{"width":900,"height":1600,"url":"https:\/\/daco.al\/visitdurres\/wp-content\/uploads\/2025\/11\/Familja-Tedeschini.jpeg","type":"image\/jpeg"}],"twitter_card":"summary_large_image","twitter_misc":{"Est. reading time":"2 minutes"},"schema":{"@context":"https:\/\/schema.org","@graph":[{"@type":"WebPage","@id":"https:\/\/daco.al\/visitdurres\/index.php\/shtegu-dyerve\/familja-tedeschini\/","url":"https:\/\/daco.al\/visitdurres\/index.php\/shtegu-dyerve\/familja-tedeschini\/","name":"Familja Tedeschini | Bashkia Durr\u00ebs - Faqja Zyrtare","isPartOf":{"@id":"https:\/\/daco.al\/visitdurres\/#website"},"primaryImageOfPage":{"@id":"https:\/\/daco.al\/visitdurres\/index.php\/shtegu-dyerve\/familja-tedeschini\/#primaryimage"},"image":{"@id":"https:\/\/daco.al\/visitdurres\/index.php\/shtegu-dyerve\/familja-tedeschini\/#primaryimage"},"thumbnailUrl":"https:\/\/daco.al\/visitdurres\/wp-content\/uploads\/2025\/11\/Familja-Tedeschini.jpeg","datePublished":"2025-11-13T13:12:28+00:00","dateModified":"2025-11-13T13:38:47+00:00","breadcrumb":{"@id":"https:\/\/daco.al\/visitdurres\/index.php\/shtegu-dyerve\/familja-tedeschini\/#breadcrumb"},"inLanguage":"en-US","potentialAction":[{"@type":"ReadAction","target":["https:\/\/daco.al\/visitdurres\/index.php\/shtegu-dyerve\/familja-tedeschini\/"]}]},{"@type":"ImageObject","inLanguage":"en-US","@id":"https:\/\/daco.al\/visitdurres\/index.php\/shtegu-dyerve\/familja-tedeschini\/#primaryimage","url":"https:\/\/daco.al\/visitdurres\/wp-content\/uploads\/2025\/11\/Familja-Tedeschini.jpeg","contentUrl":"https:\/\/daco.al\/visitdurres\/wp-content\/uploads\/2025\/11\/Familja-Tedeschini.jpeg","width":900,"height":1600},{"@type":"BreadcrumbList","@id":"https:\/\/daco.al\/visitdurres\/index.php\/shtegu-dyerve\/familja-tedeschini\/#breadcrumb","itemListElement":[{"@type":"ListItem","position":1,"name":"Home","item":"https:\/\/daco.al\/visitdurres\/"},{"@type":"ListItem","position":2,"name":"Shtegu i Dyerve","item":"https:\/\/daco.al\/visitdurres\/index.php\/shtegu-dyerve\/"},{"@type":"ListItem","position":3,"name":"Familja Tedeschini"}]},{"@type":"WebSite","@id":"https:\/\/daco.al\/visitdurres\/#website","url":"https:\/\/daco.al\/visitdurres\/","name":"Visitdurres","description":"Vizitoni Durresin","publisher":{"@id":"https:\/\/daco.al\/visitdurres\/#organization"},"potentialAction":[{"@type":"SearchAction","target":{"@type":"EntryPoint","urlTemplate":"https:\/\/daco.al\/visitdurres\/?s={search_term_string}"},"query-input":{"@type":"PropertyValueSpecification","valueRequired":true,"valueName":"search_term_string"}}],"inLanguage":"en-US"},{"@type":"Organization","@id":"https:\/\/daco.al\/visitdurres\/#organization","name":"Visitdurres","url":"https:\/\/daco.al\/visitdurres\/","logo":{"@type":"ImageObject","inLanguage":"en-US","@id":"https:\/\/daco.al\/visitdurres\/#\/schema\/logo\/image\/","url":"https:\/\/daco.al\/visitdurres\/wp-content\/uploads\/2023\/07\/cropped-durres-logo-2.png","contentUrl":"https:\/\/daco.al\/visitdurres\/wp-content\/uploads\/2023\/07\/cropped-durres-logo-2.png","width":456,"height":250,"caption":"Visitdurres"},"image":{"@id":"https:\/\/daco.al\/visitdurres\/#\/schema\/logo\/image\/"}}]}},"_links":{"self":[{"href":"https:\/\/daco.al\/visitdurres\/index.php\/wp-json\/wp\/v2\/old_door\/3297","targetHints":{"allow":["GET"]}}],"collection":[{"href":"https:\/\/daco.al\/visitdurres\/index.php\/wp-json\/wp\/v2\/old_door"}],"about":[{"href":"https:\/\/daco.al\/visitdurres\/index.php\/wp-json\/wp\/v2\/types\/old_door"}],"wp:featuredmedia":[{"embeddable":true,"href":"https:\/\/daco.al\/visitdurres\/index.php\/wp-json\/wp\/v2\/media\/3298"}],"wp:attachment":[{"href":"https:\/\/daco.al\/visitdurres\/index.php\/wp-json\/wp\/v2\/media?parent=3297"}],"wp:term":[{"taxonomy":"location","embeddable":true,"href":"https:\/\/daco.al\/visitdurres\/index.php\/wp-json\/wp\/v2\/location?post=3297"},{"taxonomy":"old_door_category","embeddable":true,"href":"https:\/\/daco.al\/visitdurres\/index.php\/wp-json\/wp\/v2\/old_door_category?post=3297"},{"taxonomy":"old_door_tag","embeddable":true,"href":"https:\/\/daco.al\/visitdurres\/index.php\/wp-json\/wp\/v2\/old_door_tag?post=3297"}],"curies":[{"name":"wp","href":"https:\/\/api.w.org\/{rel}","templated":true}]}}