{"id":3315,"date":"2025-11-13T13:28:41","date_gmt":"2025-11-13T13:28:41","guid":{"rendered":"https:\/\/daco.al\/visitdurres\/?post_type=old_door&#038;p=3315"},"modified":"2025-11-13T13:54:41","modified_gmt":"2025-11-13T13:54:41","slug":"prane-kishes-shen-lucia","status":"publish","type":"old_door","link":"https:\/\/daco.al\/visitdurres\/index.php\/shtegu-dyerve\/prane-kishes-shen-lucia\/","title":{"rendered":"Pran\u00eb Kish\u00ebs Sh\u00ebn Lu\u00e7ia"},"content":{"rendered":"\n<p>N\u00ebse pyesim sot veten se <strong>ku ndodhet lagjja e njohur \u201cKala\u201d<\/strong>, p\u00ebrgjigjja gjendet p\u00ebrmes objekteve ikonike q\u00eb kan\u00eb mbijetuar n\u00eb shekuj \u2014 d\u00ebshmi t\u00eb shtres\u00ebzimeve kulturore dhe fetare t\u00eb qytetit t\u00eb Durr\u00ebsit.<\/p>\n\n\n\n<p>N\u00eb zem\u00ebr t\u00eb k\u00ebsaj lagjeje q\u00ebndron <strong>Xhamia Fatih<\/strong>, nd\u00ebrtuar mbi rr\u00ebnojat e nj\u00eb <strong>kishe bizantine t\u00eb mesjet\u00ebs s\u00eb hershme<\/strong>, e cila gjat\u00eb periudh\u00ebs osmane u <strong>shnd\u00ebrrua n\u00eb xhami<\/strong> n\u00eb nder t\u00eb <strong>Sulltan Mehmetit II, Fatihut<\/strong>, pushtuesit t\u00eb Konstandinopoj\u00ebs.<\/p>\n\n\n\n<p>Vet\u00ebm pak hapa m\u00eb tej ngrihet <strong>Kisha Katolike e Sh\u00ebn Lu\u00e7is\u00eb<\/strong>, e dallueshme p\u00ebr <strong>k\u00ebmbanoren e saj karakteristike<\/strong> dhe lidhur ngusht\u00eb me <strong>Ipeshk\u00ebvin\u00eb e Durr\u00ebsit<\/strong> \u2014 nj\u00eb qend\u00ebr shpirt\u00ebrore e r\u00ebnd\u00ebsishme p\u00ebr komunitetin katolik t\u00eb qytetit.<\/p>\n\n\n\n<p>Rreth k\u00ebtyre monumenteve kan\u00eb banuar <strong>familje t\u00eb shquara qytetare<\/strong> q\u00eb kan\u00eb l\u00ebn\u00eb gjurm\u00eb n\u00eb historin\u00eb dhe zhvillimin e Durr\u00ebsit:<br><strong>\u00c7elkupa, Tedeschini, Kurti, Hoxha, Bum\u00e7i, Parga dhe Beja.<\/strong><\/p>\n\n\n\n<h3 class=\"wp-block-heading\"><strong>Elementi artizanal:<\/strong><\/h3>\n\n\n\n<p><strong>Dera e punuar n\u00eb grep nga artizania Myzejen Rexhepi<\/strong> \u00ebsht\u00eb nj\u00eb nd\u00ebr detajet m\u00eb t\u00eb ve\u00e7anta t\u00eb k\u00ebsaj zone. Ajo p\u00ebrfaq\u00ebson <strong>punimin tradicional durrsak n\u00eb dru<\/strong>, nj\u00eb mjesht\u00ebri q\u00eb bashkon teknik\u00ebn artizanale me estetik\u00ebn urbane t\u00eb koh\u00ebs.<br>Ky objekt, i realizuar me kujdes dhe eleganc\u00eb, \u00ebsht\u00eb <strong>simbol i vazhdim\u00ebsis\u00eb s\u00eb tradit\u00ebs artizanale fem\u00ebrore<\/strong> n\u00eb Durr\u00ebs, q\u00eb shpesh ka kaluar n\u00eb heshtje, por ka ruajtur shpirtin e qytetit p\u00ebrmes detajeve t\u00eb vogla si kjo der\u00eb.<\/p>\n\n\n\n<h3 class=\"wp-block-heading\"><strong>R\u00ebnd\u00ebsia kulturore:<\/strong><\/h3>\n\n\n\n<p>Lagjja \u201cKala\u201d \u00ebsht\u00eb <strong>zemra historike e Durr\u00ebsit<\/strong>, ku <strong>bashk\u00ebjetojn\u00eb shtresimet e tre besimeve dhe tre epokave<\/strong>: bizantine, osmane dhe moderne.<br>N\u00eb \u00e7do rrugic\u00eb dhe n\u00eb \u00e7do der\u00eb ruhet kujtesa e qytetit \u2014 nga <strong>tregtar\u00ebt dhe klerik\u00ebt<\/strong>, tek <strong>artizan\u00ebt dhe intelektual\u00ebt<\/strong>, q\u00eb form\u00ebsuan identitetin e Durr\u00ebsit si <strong>nj\u00eb qytet t\u00eb hapur dhe kozmopolit<\/strong>.<\/p>\n\n\n\n<p><\/p>\n","protected":false},"excerpt":{"rendered":"<p>N\u00ebse pyesim sot veten se ku ndodhet lagjja e njohur \u201cKala\u201d, p\u00ebrgjigjja gjendet p\u00ebrmes objekteve ikonike q\u00eb kan\u00eb mbijetuar n\u00eb shekuj \u2014 d\u00ebshmi t\u00eb shtres\u00ebzimeve kulturore dhe fetare t\u00eb qytetit&#8230;<\/p>\n","protected":false},"featured_media":3316,"template":"","meta":{"_monsterinsights_skip_tracking":false,"_monsterinsights_sitenote_active":false,"_monsterinsights_sitenote_note":"","_monsterinsights_sitenote_category":0},"location":[],"old_door_category":[],"old_door_tag":[],"class_list":["post-3315","old_door","type-old_door","status-publish","has-post-thumbnail","hentry"],"yoast_head":"<!-- This site is optimized with the Yoast SEO plugin v26.3 - https:\/\/yoast.com\/wordpress\/plugins\/seo\/ -->\n<title>Pran\u00eb Kish\u00ebs Sh\u00ebn Lu\u00e7ia | Bashkia Durr\u00ebs - Faqja Zyrtare<\/title>\n<meta name=\"robots\" content=\"index, follow, max-snippet:-1, max-image-preview:large, max-video-preview:-1\" \/>\n<link rel=\"canonical\" href=\"https:\/\/daco.al\/visitdurres\/index.php\/shtegu-dyerve\/prane-kishes-shen-lucia\/\" \/>\n<meta property=\"og:locale\" content=\"en_US\" \/>\n<meta property=\"og:type\" content=\"article\" \/>\n<meta property=\"og:title\" content=\"Pran\u00eb Kish\u00ebs Sh\u00ebn Lu\u00e7ia | Bashkia Durr\u00ebs - Faqja Zyrtare\" \/>\n<meta property=\"og:description\" content=\"N\u00ebse pyesim sot veten se ku ndodhet lagjja e njohur \u201cKala\u201d, p\u00ebrgjigjja gjendet p\u00ebrmes objekteve ikonike q\u00eb kan\u00eb mbijetuar n\u00eb shekuj \u2014 d\u00ebshmi t\u00eb shtres\u00ebzimeve kulturore dhe fetare t\u00eb qytetit...\" \/>\n<meta property=\"og:url\" content=\"https:\/\/daco.al\/visitdurres\/index.php\/shtegu-dyerve\/prane-kishes-shen-lucia\/\" \/>\n<meta property=\"og:site_name\" content=\"Bashkia Durr\u00ebs - Faqja Zyrtare\" \/>\n<meta property=\"article:modified_time\" content=\"2025-11-13T13:54:41+00:00\" \/>\n<meta property=\"og:image\" content=\"https:\/\/daco.al\/visitdurres\/wp-content\/uploads\/2025\/11\/Prane-Kishes-Shen-Lucia.jpeg\" \/>\n\t<meta property=\"og:image:width\" content=\"900\" \/>\n\t<meta property=\"og:image:height\" content=\"1600\" \/>\n\t<meta property=\"og:image:type\" content=\"image\/jpeg\" \/>\n<meta name=\"twitter:card\" content=\"summary_large_image\" \/>\n<meta name=\"twitter:label1\" content=\"Est. reading time\" \/>\n\t<meta name=\"twitter:data1\" content=\"2 minutes\" \/>\n<script type=\"application\/ld+json\" class=\"yoast-schema-graph\">{\"@context\":\"https:\/\/schema.org\",\"@graph\":[{\"@type\":\"WebPage\",\"@id\":\"https:\/\/daco.al\/visitdurres\/index.php\/shtegu-dyerve\/prane-kishes-shen-lucia\/\",\"url\":\"https:\/\/daco.al\/visitdurres\/index.php\/shtegu-dyerve\/prane-kishes-shen-lucia\/\",\"name\":\"Pran\u00eb Kish\u00ebs Sh\u00ebn Lu\u00e7ia | Bashkia Durr\u00ebs - Faqja Zyrtare\",\"isPartOf\":{\"@id\":\"https:\/\/daco.al\/visitdurres\/#website\"},\"primaryImageOfPage\":{\"@id\":\"https:\/\/daco.al\/visitdurres\/index.php\/shtegu-dyerve\/prane-kishes-shen-lucia\/#primaryimage\"},\"image\":{\"@id\":\"https:\/\/daco.al\/visitdurres\/index.php\/shtegu-dyerve\/prane-kishes-shen-lucia\/#primaryimage\"},\"thumbnailUrl\":\"https:\/\/daco.al\/visitdurres\/wp-content\/uploads\/2025\/11\/Prane-Kishes-Shen-Lucia.jpeg\",\"datePublished\":\"2025-11-13T13:28:41+00:00\",\"dateModified\":\"2025-11-13T13:54:41+00:00\",\"breadcrumb\":{\"@id\":\"https:\/\/daco.al\/visitdurres\/index.php\/shtegu-dyerve\/prane-kishes-shen-lucia\/#breadcrumb\"},\"inLanguage\":\"en-US\",\"potentialAction\":[{\"@type\":\"ReadAction\",\"target\":[\"https:\/\/daco.al\/visitdurres\/index.php\/shtegu-dyerve\/prane-kishes-shen-lucia\/\"]}]},{\"@type\":\"ImageObject\",\"inLanguage\":\"en-US\",\"@id\":\"https:\/\/daco.al\/visitdurres\/index.php\/shtegu-dyerve\/prane-kishes-shen-lucia\/#primaryimage\",\"url\":\"https:\/\/daco.al\/visitdurres\/wp-content\/uploads\/2025\/11\/Prane-Kishes-Shen-Lucia.jpeg\",\"contentUrl\":\"https:\/\/daco.al\/visitdurres\/wp-content\/uploads\/2025\/11\/Prane-Kishes-Shen-Lucia.jpeg\",\"width\":900,\"height\":1600},{\"@type\":\"BreadcrumbList\",\"@id\":\"https:\/\/daco.al\/visitdurres\/index.php\/shtegu-dyerve\/prane-kishes-shen-lucia\/#breadcrumb\",\"itemListElement\":[{\"@type\":\"ListItem\",\"position\":1,\"name\":\"Home\",\"item\":\"https:\/\/daco.al\/visitdurres\/\"},{\"@type\":\"ListItem\",\"position\":2,\"name\":\"Shtegu i Dyerve\",\"item\":\"https:\/\/daco.al\/visitdurres\/index.php\/shtegu-dyerve\/\"},{\"@type\":\"ListItem\",\"position\":3,\"name\":\"Pran\u00eb Kish\u00ebs Sh\u00ebn Lu\u00e7ia\"}]},{\"@type\":\"WebSite\",\"@id\":\"https:\/\/daco.al\/visitdurres\/#website\",\"url\":\"https:\/\/daco.al\/visitdurres\/\",\"name\":\"Visitdurres\",\"description\":\"Vizitoni Durresin\",\"publisher\":{\"@id\":\"https:\/\/daco.al\/visitdurres\/#organization\"},\"potentialAction\":[{\"@type\":\"SearchAction\",\"target\":{\"@type\":\"EntryPoint\",\"urlTemplate\":\"https:\/\/daco.al\/visitdurres\/?s={search_term_string}\"},\"query-input\":{\"@type\":\"PropertyValueSpecification\",\"valueRequired\":true,\"valueName\":\"search_term_string\"}}],\"inLanguage\":\"en-US\"},{\"@type\":\"Organization\",\"@id\":\"https:\/\/daco.al\/visitdurres\/#organization\",\"name\":\"Visitdurres\",\"url\":\"https:\/\/daco.al\/visitdurres\/\",\"logo\":{\"@type\":\"ImageObject\",\"inLanguage\":\"en-US\",\"@id\":\"https:\/\/daco.al\/visitdurres\/#\/schema\/logo\/image\/\",\"url\":\"https:\/\/daco.al\/visitdurres\/wp-content\/uploads\/2023\/07\/cropped-durres-logo-2.png\",\"contentUrl\":\"https:\/\/daco.al\/visitdurres\/wp-content\/uploads\/2023\/07\/cropped-durres-logo-2.png\",\"width\":456,\"height\":250,\"caption\":\"Visitdurres\"},\"image\":{\"@id\":\"https:\/\/daco.al\/visitdurres\/#\/schema\/logo\/image\/\"}}]}<\/script>\n<!-- \/ Yoast SEO plugin. -->","yoast_head_json":{"title":"Pran\u00eb Kish\u00ebs Sh\u00ebn Lu\u00e7ia | Bashkia Durr\u00ebs - Faqja Zyrtare","robots":{"index":"index","follow":"follow","max-snippet":"max-snippet:-1","max-image-preview":"max-image-preview:large","max-video-preview":"max-video-preview:-1"},"canonical":"https:\/\/daco.al\/visitdurres\/index.php\/shtegu-dyerve\/prane-kishes-shen-lucia\/","og_locale":"en_US","og_type":"article","og_title":"Pran\u00eb Kish\u00ebs Sh\u00ebn Lu\u00e7ia | Bashkia Durr\u00ebs - Faqja Zyrtare","og_description":"N\u00ebse pyesim sot veten se ku ndodhet lagjja e njohur \u201cKala\u201d, p\u00ebrgjigjja gjendet p\u00ebrmes objekteve ikonike q\u00eb kan\u00eb mbijetuar n\u00eb shekuj \u2014 d\u00ebshmi t\u00eb shtres\u00ebzimeve kulturore dhe fetare t\u00eb qytetit...","og_url":"https:\/\/daco.al\/visitdurres\/index.php\/shtegu-dyerve\/prane-kishes-shen-lucia\/","og_site_name":"Bashkia Durr\u00ebs - Faqja Zyrtare","article_modified_time":"2025-11-13T13:54:41+00:00","og_image":[{"width":900,"height":1600,"url":"https:\/\/daco.al\/visitdurres\/wp-content\/uploads\/2025\/11\/Prane-Kishes-Shen-Lucia.jpeg","type":"image\/jpeg"}],"twitter_card":"summary_large_image","twitter_misc":{"Est. reading time":"2 minutes"},"schema":{"@context":"https:\/\/schema.org","@graph":[{"@type":"WebPage","@id":"https:\/\/daco.al\/visitdurres\/index.php\/shtegu-dyerve\/prane-kishes-shen-lucia\/","url":"https:\/\/daco.al\/visitdurres\/index.php\/shtegu-dyerve\/prane-kishes-shen-lucia\/","name":"Pran\u00eb Kish\u00ebs Sh\u00ebn Lu\u00e7ia | Bashkia Durr\u00ebs - Faqja Zyrtare","isPartOf":{"@id":"https:\/\/daco.al\/visitdurres\/#website"},"primaryImageOfPage":{"@id":"https:\/\/daco.al\/visitdurres\/index.php\/shtegu-dyerve\/prane-kishes-shen-lucia\/#primaryimage"},"image":{"@id":"https:\/\/daco.al\/visitdurres\/index.php\/shtegu-dyerve\/prane-kishes-shen-lucia\/#primaryimage"},"thumbnailUrl":"https:\/\/daco.al\/visitdurres\/wp-content\/uploads\/2025\/11\/Prane-Kishes-Shen-Lucia.jpeg","datePublished":"2025-11-13T13:28:41+00:00","dateModified":"2025-11-13T13:54:41+00:00","breadcrumb":{"@id":"https:\/\/daco.al\/visitdurres\/index.php\/shtegu-dyerve\/prane-kishes-shen-lucia\/#breadcrumb"},"inLanguage":"en-US","potentialAction":[{"@type":"ReadAction","target":["https:\/\/daco.al\/visitdurres\/index.php\/shtegu-dyerve\/prane-kishes-shen-lucia\/"]}]},{"@type":"ImageObject","inLanguage":"en-US","@id":"https:\/\/daco.al\/visitdurres\/index.php\/shtegu-dyerve\/prane-kishes-shen-lucia\/#primaryimage","url":"https:\/\/daco.al\/visitdurres\/wp-content\/uploads\/2025\/11\/Prane-Kishes-Shen-Lucia.jpeg","contentUrl":"https:\/\/daco.al\/visitdurres\/wp-content\/uploads\/2025\/11\/Prane-Kishes-Shen-Lucia.jpeg","width":900,"height":1600},{"@type":"BreadcrumbList","@id":"https:\/\/daco.al\/visitdurres\/index.php\/shtegu-dyerve\/prane-kishes-shen-lucia\/#breadcrumb","itemListElement":[{"@type":"ListItem","position":1,"name":"Home","item":"https:\/\/daco.al\/visitdurres\/"},{"@type":"ListItem","position":2,"name":"Shtegu i Dyerve","item":"https:\/\/daco.al\/visitdurres\/index.php\/shtegu-dyerve\/"},{"@type":"ListItem","position":3,"name":"Pran\u00eb Kish\u00ebs Sh\u00ebn Lu\u00e7ia"}]},{"@type":"WebSite","@id":"https:\/\/daco.al\/visitdurres\/#website","url":"https:\/\/daco.al\/visitdurres\/","name":"Visitdurres","description":"Vizitoni Durresin","publisher":{"@id":"https:\/\/daco.al\/visitdurres\/#organization"},"potentialAction":[{"@type":"SearchAction","target":{"@type":"EntryPoint","urlTemplate":"https:\/\/daco.al\/visitdurres\/?s={search_term_string}"},"query-input":{"@type":"PropertyValueSpecification","valueRequired":true,"valueName":"search_term_string"}}],"inLanguage":"en-US"},{"@type":"Organization","@id":"https:\/\/daco.al\/visitdurres\/#organization","name":"Visitdurres","url":"https:\/\/daco.al\/visitdurres\/","logo":{"@type":"ImageObject","inLanguage":"en-US","@id":"https:\/\/daco.al\/visitdurres\/#\/schema\/logo\/image\/","url":"https:\/\/daco.al\/visitdurres\/wp-content\/uploads\/2023\/07\/cropped-durres-logo-2.png","contentUrl":"https:\/\/daco.al\/visitdurres\/wp-content\/uploads\/2023\/07\/cropped-durres-logo-2.png","width":456,"height":250,"caption":"Visitdurres"},"image":{"@id":"https:\/\/daco.al\/visitdurres\/#\/schema\/logo\/image\/"}}]}},"_links":{"self":[{"href":"https:\/\/daco.al\/visitdurres\/index.php\/wp-json\/wp\/v2\/old_door\/3315","targetHints":{"allow":["GET"]}}],"collection":[{"href":"https:\/\/daco.al\/visitdurres\/index.php\/wp-json\/wp\/v2\/old_door"}],"about":[{"href":"https:\/\/daco.al\/visitdurres\/index.php\/wp-json\/wp\/v2\/types\/old_door"}],"wp:featuredmedia":[{"embeddable":true,"href":"https:\/\/daco.al\/visitdurres\/index.php\/wp-json\/wp\/v2\/media\/3316"}],"wp:attachment":[{"href":"https:\/\/daco.al\/visitdurres\/index.php\/wp-json\/wp\/v2\/media?parent=3315"}],"wp:term":[{"taxonomy":"location","embeddable":true,"href":"https:\/\/daco.al\/visitdurres\/index.php\/wp-json\/wp\/v2\/location?post=3315"},{"taxonomy":"old_door_category","embeddable":true,"href":"https:\/\/daco.al\/visitdurres\/index.php\/wp-json\/wp\/v2\/old_door_category?post=3315"},{"taxonomy":"old_door_tag","embeddable":true,"href":"https:\/\/daco.al\/visitdurres\/index.php\/wp-json\/wp\/v2\/old_door_tag?post=3315"}],"curies":[{"name":"wp","href":"https:\/\/api.w.org\/{rel}","templated":true}]}}