{"id":2272,"date":"2023-07-27T10:09:35","date_gmt":"2023-07-27T10:09:35","guid":{"rendered":"https:\/\/daco.al\/visitdurres\/?page_id=2272"},"modified":"2025-10-21T15:34:34","modified_gmt":"2025-10-21T15:34:34","slug":"shtegu-i-dyerve-te-vjetra","status":"publish","type":"page","link":"https:\/\/daco.al\/visitdurres\/index.php\/shtegu-i-dyerve-te-vjetra\/","title":{"rendered":"Shtegu i Dyerve t\u00eb Vjetra"},"content":{"rendered":"<p>Shtegu Kulturor i 12 dyerve t\u00eb vjetra t\u00eb qytetit t\u00eb Durr\u00ebsit \u00ebsht\u00eb nj\u00eb projekt i frytsh\u00ebm i zhvilluar n\u00eb kuad\u00ebr t\u00eb inicativ\u00ebs \u201cKur e kaluara takohet me t\u00eb ardhmen \u2013 rivitalizimi i trash\u00ebgimis\u00eb kulturore t\u00eb Durr\u00ebsit\u201d. Kjo nis\u00ebm \u00ebsht\u00eb zbatuar nga Qendra Durr\u00ebsi Aktiv n\u00eb bashk\u00ebpunim me MuZEH Lab, dhe \u00ebsht\u00eb mb\u00ebshtetur nga programi EU4Culture, i financuar nga Bashkimi Evropian dhe i zbatuar nga UNOPS n\u00eb bashk\u00ebpunim me Ministrin\u00eb e Kultur\u00ebs.<\/p>\n<p>&nbsp;<\/p>\n<p>Objektivi i k\u00ebtij projekti \u00ebsht\u00eb t\u00eb rikthejm\u00eb dhe t\u00eb rivitalizojm\u00eb monumentet e kultur\u00ebs n\u00eb qytetin e Durr\u00ebsit, duke lidhur me zell kujtes\u00ebn kolektive t\u00eb komunitetit me trash\u00ebgimin\u00eb arkeologjike t\u00eb k\u00ebsaj zone. P\u00ebr k\u00ebt\u00eb q\u00ebllim, nj\u00eb element ky\u00e7 i projektit \u00ebsht\u00eb krijimi i atraksioneve kulturore t\u00eb reja, dhe nj\u00eb prej tyre jan\u00eb dyert e shekujve 19 dhe 20.<\/p>\n<p>&nbsp;<\/p>\n<p>Shtegu Kulturor i 12 dyerve t\u00eb vjetra t\u00eb Durr\u00ebsit \u00ebsht\u00eb nj\u00eb shembull i shk\u00eblqyer i p\u00ebrpjekjeve p\u00ebr t\u00eb ruajtur dhe p\u00ebrhapur trash\u00ebgimin\u00eb kulturore t\u00eb nj\u00eb qyteti t\u00eb lasht\u00eb, duke e lidhur k\u00ebt\u00eb trash\u00ebgimi me t\u00eb ardhmen dhe duke krijuar nj\u00eb tjet\u00ebr vler\u00eb t\u00eb ve\u00e7ant\u00eb p\u00ebr k\u00ebt\u00eb qytet t\u00eb shk\u00eblqyer. Nj\u00eb udh\u00ebtim i k\u00ebtij shtegu kulturor \u00ebsht\u00eb nj\u00eb eksperienc\u00eb e v\u00ebrtet\u00eb frym\u00ebzimi, q\u00eb \u00e7on n\u00eb zbulimin e pasuris\u00eb s\u00eb kultur\u00ebs dhe historis\u00eb s\u00eb k\u00ebtij qyteti t\u00eb ve\u00e7ant\u00eb.<\/p>\n<p>Duke punuar ngusht\u00ebsisht me komunitetin e artizan\u00ebve, kemi sjell\u00eb dyert unike n\u00eb jet\u00eb p\u00ebrmes nj\u00eb punimi artizanal.<\/p>\n<p>&nbsp;<\/p>\n<p>P\u00ebrmes k\u00ebsaj harte digjitale dhe shtegut kulturor, ne synojm\u00eb t\u00eb sjellim bashk\u00eb komunitetin, turist\u00ebt dhe p\u00ebrdoruesit e tjer\u00eb t\u00eb interesuar, duke i njohur me bukurit\u00eb e k\u00ebsaj trash\u00ebgimie kulturore t\u00eb Durr\u00ebsit.<\/p>\n<p>&nbsp;<\/p>\n<p>Nd\u00ebrtimi i k\u00ebsaj harte digjitale do t\u00eb krijoj\u00eb mund\u00ebsi t\u00eb reja p\u00ebr zhvillim ekonomik dhe kulturore t\u00eb qytetit, duke e b\u00ebr\u00eb at\u00eb nj\u00eb destinacion t\u00ebrheq\u00ebs p\u00ebr turist\u00ebt vendas dhe t\u00eb huaj.<\/p>\n<p>&nbsp;<\/p>\n<p>P\u00ebr m\u00eb shum\u00eb info vizitoni faqen zyrtare t\u00eb internetit:<br \/>\n<a href=\"https:\/\/theolddoorstrail.com\/\">https:\/\/theolddoorstrail.com\/<\/a><\/p>\n<p>\t\t<!-- events-grid --><\/p>\n<section>\n<figure><img decoding=\"async\" src=\"https:\/\/daco.al\/visitdurres\/wp-content\/uploads\/2023\/07\/WhatsApp-Image-2023-07-28-at-10.05.17-3.jpeg\" alt=\"Awesome Image\"><\/figure>\n<h3>27Jul\u201923<\/h3>\n<h4><a href=\"https:\/\/daco.al\/visitdurres\/event\/vila-tedeschini\/\">Vila Tedeschini<\/a><\/h4>\n<ul>\n<li>July 28 &#8211; July 28<\/li>\n<li><\/li>\n<\/ul>\n<p>                                    <a href=\"https:\/\/daco.al\/visitdurres\/event\/vila-tedeschini\/\">Read More<\/a><\/p>\n<figure><img decoding=\"async\" src=\"https:\/\/daco.al\/visitdurres\/wp-content\/uploads\/2023\/07\/WhatsApp-Image-2023-07-28-at-10.05.17-6.jpeg\" alt=\"Awesome Image\"><\/figure>\n<h3>27Jul\u201923<\/h3>\n<h4><a href=\"https:\/\/daco.al\/visitdurres\/event\/familja-mima\/\">Familja Mima<\/a><\/h4>\n<ul>\n<li>July 28 &#8211; July 28<\/li>\n<li><\/li>\n<\/ul>\n<p>                                    <a href=\"https:\/\/daco.al\/visitdurres\/event\/familja-mima\/\">Read More<\/a><\/p>\n<figure><img decoding=\"async\" src=\"https:\/\/daco.al\/visitdurres\/wp-content\/uploads\/2023\/07\/WhatsApp-Image-2023-07-28-at-10.05.17-7.jpeg\" alt=\"Awesome Image\"><\/figure>\n<h3>27Jul\u201923<\/h3>\n<h4><a href=\"https:\/\/daco.al\/visitdurres\/event\/familja-nushi\/\">Familja Nushi<\/a><\/h4>\n<ul>\n<li>July 28 &#8211; July 28<\/li>\n<li><\/li>\n<\/ul>\n<p>                                    <a href=\"https:\/\/daco.al\/visitdurres\/event\/familja-nushi\/\">Read More<\/a><\/p>\n<figure><img decoding=\"async\" src=\"https:\/\/daco.al\/visitdurres\/wp-content\/uploads\/2023\/07\/WhatsApp-Image-2023-07-28-at-10.05.17-8.jpeg\" alt=\"Awesome Image\"><\/figure>\n<h3>27Jul\u201923<\/h3>\n<h4><a href=\"https:\/\/daco.al\/visitdurres\/event\/familja-koja-dhe-jakoel\/\">Familja Koja dhe Jakoel<\/a><\/h4>\n<ul>\n<li>July 28 &#8211; July 28<\/li>\n<li><\/li>\n<\/ul>\n<p>                                    <a href=\"https:\/\/daco.al\/visitdurres\/event\/familja-koja-dhe-jakoel\/\">Read More<\/a><\/p>\n<figure><img decoding=\"async\" src=\"https:\/\/daco.al\/visitdurres\/wp-content\/uploads\/2023\/07\/WhatsApp-Image-2023-07-28-at-10.05.17-9.jpeg\" alt=\"Awesome Image\"><\/figure>\n<h3>27Jul\u201923<\/h3>\n<h4><a href=\"https:\/\/daco.al\/visitdurres\/event\/familja-jorgji\/\">Familja Jorgji<\/a><\/h4>\n<ul>\n<li>July 28 &#8211; July 28<\/li>\n<li><\/li>\n<\/ul>\n<p>                                    <a href=\"https:\/\/daco.al\/visitdurres\/event\/familja-jorgji\/\">Read More<\/a><\/p>\n<figure><img decoding=\"async\" src=\"https:\/\/daco.al\/visitdurres\/wp-content\/uploads\/2023\/07\/WhatsApp-Image-2023-07-28-at-10.05.17.jpeg\" alt=\"Awesome Image\"><\/figure>\n<h3>27Jul\u201923<\/h3>\n<h4><a href=\"https:\/\/daco.al\/visitdurres\/event\/famija-bilali\/\">Famija Bilali<\/a><\/h4>\n<ul>\n<li>July 28 &#8211; July 28<\/li>\n<li><\/li>\n<\/ul>\n<p>                                    <a href=\"https:\/\/daco.al\/visitdurres\/event\/famija-bilali\/\">Read More<\/a><\/p>\n<figure><img decoding=\"async\" src=\"https:\/\/daco.al\/visitdurres\/wp-content\/uploads\/2023\/07\/WhatsApp-Image-2023-07-28-at-10.05.17-4.jpeg\" alt=\"Awesome Image\"><\/figure>\n<h3>27Jul\u201923<\/h3>\n<h4><a href=\"https:\/\/daco.al\/visitdurres\/event\/familja-toska-bodiken\/\">Familja Toska Bodiken<\/a><\/h4>\n<ul>\n<li>July 28 &#8211; July 28<\/li>\n<li><\/li>\n<\/ul>\n<p>                                    <a href=\"https:\/\/daco.al\/visitdurres\/event\/familja-toska-bodiken\/\">Read More<\/a><\/p>\n<figure><img decoding=\"async\" src=\"https:\/\/daco.al\/visitdurres\/wp-content\/uploads\/2023\/07\/WhatsApp-Image-2023-07-28-at-10.05.17-1.jpeg\" alt=\"Awesome Image\"><\/figure>\n<h3>27Jul\u201923<\/h3>\n<h4><a href=\"https:\/\/daco.al\/visitdurres\/event\/familja-veli\/\">Familja Veli<\/a><\/h4>\n<ul>\n<li>July 28 &#8211; July 28<\/li>\n<li><\/li>\n<\/ul>\n<p>                                    <a href=\"https:\/\/daco.al\/visitdurres\/event\/familja-veli\/\">Read More<\/a><\/p>\n<figure><img decoding=\"async\" src=\"https:\/\/daco.al\/visitdurres\/wp-content\/uploads\/2023\/07\/WhatsApp-Image-2023-07-28-at-10.05.17-10.jpeg\" alt=\"Awesome Image\"><\/figure>\n<h3>27Jul\u201923<\/h3>\n<h4><a href=\"https:\/\/daco.al\/visitdurres\/event\/familja-fani\/\">Familja Fani<\/a><\/h4>\n<ul>\n<li>July 28 &#8211; July 28<\/li>\n<li><\/li>\n<\/ul>\n<p>                                    <a href=\"https:\/\/daco.al\/visitdurres\/event\/familja-fani\/\">Read More<\/a><\/p>\n<figure><img decoding=\"async\" src=\"https:\/\/daco.al\/visitdurres\/wp-content\/uploads\/2023\/07\/WhatsApp-Image-2023-07-28-at-10.05.17-2.jpeg\" alt=\"Awesome Image\"><\/figure>\n<h3>27Jul\u201923<\/h3>\n<h4><a href=\"https:\/\/daco.al\/visitdurres\/event\/prane-kishes-shen-lucia\/\">Pran\u00eb Kish\u00ebs Sh\u00ebn Lu\u00e7ia<\/a><\/h4>\n<ul>\n<li>July 28 &#8211; July 28<\/li>\n<li><\/li>\n<\/ul>\n<p>                                    <a href=\"https:\/\/daco.al\/visitdurres\/event\/prane-kishes-shen-lucia\/\">Read More<\/a><\/p>\n<figure><img decoding=\"async\" src=\"https:\/\/daco.al\/visitdurres\/wp-content\/uploads\/2023\/07\/WhatsApp-Image-2023-07-28-at-10.05.17-11.jpeg\" alt=\"Awesome Image\"><\/figure>\n<h3>27Jul\u201923<\/h3>\n<h4><a href=\"https:\/\/daco.al\/visitdurres\/event\/familja-subashi\/\">Familja Subashi<\/a><\/h4>\n<ul>\n<li>July 28 &#8211; July 28<\/li>\n<li><\/li>\n<\/ul>\n<p>                                    <a href=\"https:\/\/daco.al\/visitdurres\/event\/familja-subashi\/\">Read More<\/a><\/p>\n<figure><img decoding=\"async\" src=\"https:\/\/daco.al\/visitdurres\/wp-content\/uploads\/2023\/07\/WhatsApp-Image-2023-07-28-at-10.05.17-5.jpeg\" alt=\"Awesome Image\"><\/figure>\n<h3>27Jul\u201923<\/h3>\n<h4><a href=\"https:\/\/daco.al\/visitdurres\/event\/familja-elezi\/\">Familja Elezi<\/a><\/h4>\n<ul>\n<li>July 28 &#8211; July 28<\/li>\n<li><\/li>\n<\/ul>\n<p>                                    <a href=\"https:\/\/daco.al\/visitdurres\/event\/familja-elezi\/\">Read More<\/a><br \/>\n        <\/section>\n<p>        <!-- events-grid end --><br \/>\n    <a href=\"https:\/\/daco.al\/visitdurres\/wp-content\/uploads\/2023\/08\/A4-DYERT-shqip-durres.pdf\" class=\"pdfemb-viewer\" style=\"height:700px;\" data-width=\"max\" data-height=\"700\" data-toolbar=\"bottom\" data-toolbar-fixed=\"off\">A4-DYERT-shqip-durres<\/a><br \/>\n    <a href=\"https:\/\/daco.al\/visitdurres\/wp-content\/uploads\/2023\/08\/A4-DYERT-anglisht-durres.pdf\" class=\"pdfemb-viewer\" style=\"height:700px;\" data-width=\"max\" data-height=\"700\" data-toolbar=\"bottom\" data-toolbar-fixed=\"off\">A4-DYERT-anglisht-durres<\/a><\/p>\n","protected":false},"excerpt":{"rendered":"<p>Shtegu Kulturor i 12 dyerve t\u00eb vjetra t\u00eb qytetit t\u00eb Durr\u00ebsit \u00ebsht\u00eb nj\u00eb projekt i frytsh\u00ebm i zhvilluar n\u00eb kuad\u00ebr t\u00eb inicativ\u00ebs \u201cKur e kaluara takohet me t\u00eb ardhmen \u2013&#8230;<\/p>\n","protected":false},"author":1,"featured_media":0,"parent":0,"menu_order":0,"comment_status":"closed","ping_status":"closed","template":"templates\/template-old-doors-landing.php","meta":{"_monsterinsights_skip_tracking":false,"_monsterinsights_sitenote_active":false,"_monsterinsights_sitenote_note":"","_monsterinsights_sitenote_category":0,"footnotes":""},"class_list":["post-2272","page","type-page","status-publish","hentry"],"yoast_head":"<!-- This site is optimized with the Yoast SEO plugin v26.3 - https:\/\/yoast.com\/wordpress\/plugins\/seo\/ -->\n<title>Shtegu i Dyerve t\u00eb Vjetra<\/title>\n<meta name=\"robots\" content=\"index, follow, max-snippet:-1, max-image-preview:large, max-video-preview:-1\" \/>\n<link rel=\"canonical\" href=\"https:\/\/daco.al\/visitdurres\/index.php\/shtegu-i-dyerve-te-vjetra\/\" \/>\n<meta property=\"og:locale\" content=\"en_US\" \/>\n<meta property=\"og:type\" content=\"article\" \/>\n<meta property=\"og:title\" content=\"Shtegu i Dyerve t\u00eb Vjetra\" \/>\n<meta property=\"og:description\" content=\"Shtegu Kulturor i 12 dyerve t\u00eb vjetra t\u00eb qytetit t\u00eb Durr\u00ebsit \u00ebsht\u00eb nj\u00eb projekt i frytsh\u00ebm i zhvilluar n\u00eb kuad\u00ebr t\u00eb inicativ\u00ebs \u201cKur e kaluara takohet me t\u00eb ardhmen \u2013...\" \/>\n<meta property=\"og:url\" content=\"https:\/\/daco.al\/visitdurres\/index.php\/shtegu-i-dyerve-te-vjetra\/\" \/>\n<meta property=\"og:site_name\" content=\"Bashkia Durr\u00ebs - Faqja Zyrtare\" \/>\n<meta property=\"article:modified_time\" content=\"2025-10-21T15:34:34+00:00\" \/>\n<meta property=\"og:image\" content=\"https:\/\/daco.al\/visitdurres\/wp-content\/uploads\/2023\/07\/WhatsApp-Image-2023-07-28-at-10.05.17-3.jpeg\" \/>\n<meta name=\"twitter:card\" content=\"summary_large_image\" \/>\n<meta name=\"twitter:label1\" content=\"Est. reading time\" \/>\n\t<meta name=\"twitter:data1\" content=\"5 minutes\" \/>\n<script type=\"application\/ld+json\" class=\"yoast-schema-graph\">{\"@context\":\"https:\/\/schema.org\",\"@graph\":[{\"@type\":\"WebPage\",\"@id\":\"https:\/\/daco.al\/visitdurres\/index.php\/shtegu-i-dyerve-te-vjetra\/\",\"url\":\"https:\/\/daco.al\/visitdurres\/index.php\/shtegu-i-dyerve-te-vjetra\/\",\"name\":\"Shtegu i Dyerve t\u00eb Vjetra\",\"isPartOf\":{\"@id\":\"https:\/\/daco.al\/visitdurres\/#website\"},\"primaryImageOfPage\":{\"@id\":\"https:\/\/daco.al\/visitdurres\/index.php\/shtegu-i-dyerve-te-vjetra\/#primaryimage\"},\"image\":{\"@id\":\"https:\/\/daco.al\/visitdurres\/index.php\/shtegu-i-dyerve-te-vjetra\/#primaryimage\"},\"thumbnailUrl\":\"https:\/\/daco.al\/visitdurres\/wp-content\/uploads\/2023\/07\/WhatsApp-Image-2023-07-28-at-10.05.17-3.jpeg\",\"datePublished\":\"2023-07-27T10:09:35+00:00\",\"dateModified\":\"2025-10-21T15:34:34+00:00\",\"breadcrumb\":{\"@id\":\"https:\/\/daco.al\/visitdurres\/index.php\/shtegu-i-dyerve-te-vjetra\/#breadcrumb\"},\"inLanguage\":\"en-US\",\"potentialAction\":[{\"@type\":\"ReadAction\",\"target\":[\"https:\/\/daco.al\/visitdurres\/index.php\/shtegu-i-dyerve-te-vjetra\/\"]}]},{\"@type\":\"ImageObject\",\"inLanguage\":\"en-US\",\"@id\":\"https:\/\/daco.al\/visitdurres\/index.php\/shtegu-i-dyerve-te-vjetra\/#primaryimage\",\"url\":\"https:\/\/daco.al\/visitdurres\/wp-content\/uploads\/2023\/07\/WhatsApp-Image-2023-07-28-at-10.05.17-3.jpeg\",\"contentUrl\":\"https:\/\/daco.al\/visitdurres\/wp-content\/uploads\/2023\/07\/WhatsApp-Image-2023-07-28-at-10.05.17-3.jpeg\",\"width\":900,\"height\":1600},{\"@type\":\"BreadcrumbList\",\"@id\":\"https:\/\/daco.al\/visitdurres\/index.php\/shtegu-i-dyerve-te-vjetra\/#breadcrumb\",\"itemListElement\":[{\"@type\":\"ListItem\",\"position\":1,\"name\":\"Home\",\"item\":\"https:\/\/daco.al\/visitdurres\/\"},{\"@type\":\"ListItem\",\"position\":2,\"name\":\"Shtegu i Dyerve t\u00eb Vjetra\"}]},{\"@type\":\"WebSite\",\"@id\":\"https:\/\/daco.al\/visitdurres\/#website\",\"url\":\"https:\/\/daco.al\/visitdurres\/\",\"name\":\"Visitdurres\",\"description\":\"Vizitoni Durresin\",\"publisher\":{\"@id\":\"https:\/\/daco.al\/visitdurres\/#organization\"},\"potentialAction\":[{\"@type\":\"SearchAction\",\"target\":{\"@type\":\"EntryPoint\",\"urlTemplate\":\"https:\/\/daco.al\/visitdurres\/?s={search_term_string}\"},\"query-input\":{\"@type\":\"PropertyValueSpecification\",\"valueRequired\":true,\"valueName\":\"search_term_string\"}}],\"inLanguage\":\"en-US\"},{\"@type\":\"Organization\",\"@id\":\"https:\/\/daco.al\/visitdurres\/#organization\",\"name\":\"Visitdurres\",\"url\":\"https:\/\/daco.al\/visitdurres\/\",\"logo\":{\"@type\":\"ImageObject\",\"inLanguage\":\"en-US\",\"@id\":\"https:\/\/daco.al\/visitdurres\/#\/schema\/logo\/image\/\",\"url\":\"https:\/\/daco.al\/visitdurres\/wp-content\/uploads\/2023\/07\/cropped-durres-logo-2.png\",\"contentUrl\":\"https:\/\/daco.al\/visitdurres\/wp-content\/uploads\/2023\/07\/cropped-durres-logo-2.png\",\"width\":456,\"height\":250,\"caption\":\"Visitdurres\"},\"image\":{\"@id\":\"https:\/\/daco.al\/visitdurres\/#\/schema\/logo\/image\/\"}}]}<\/script>\n<!-- \/ Yoast SEO plugin. -->","yoast_head_json":{"title":"Shtegu i Dyerve t\u00eb Vjetra","robots":{"index":"index","follow":"follow","max-snippet":"max-snippet:-1","max-image-preview":"max-image-preview:large","max-video-preview":"max-video-preview:-1"},"canonical":"https:\/\/daco.al\/visitdurres\/index.php\/shtegu-i-dyerve-te-vjetra\/","og_locale":"en_US","og_type":"article","og_title":"Shtegu i Dyerve t\u00eb Vjetra","og_description":"Shtegu Kulturor i 12 dyerve t\u00eb vjetra t\u00eb qytetit t\u00eb Durr\u00ebsit \u00ebsht\u00eb nj\u00eb projekt i frytsh\u00ebm i zhvilluar n\u00eb kuad\u00ebr t\u00eb inicativ\u00ebs \u201cKur e kaluara takohet me t\u00eb ardhmen \u2013...","og_url":"https:\/\/daco.al\/visitdurres\/index.php\/shtegu-i-dyerve-te-vjetra\/","og_site_name":"Bashkia Durr\u00ebs - Faqja Zyrtare","article_modified_time":"2025-10-21T15:34:34+00:00","og_image":[{"url":"https:\/\/daco.al\/visitdurres\/wp-content\/uploads\/2023\/07\/WhatsApp-Image-2023-07-28-at-10.05.17-3.jpeg","type":"","width":"","height":""}],"twitter_card":"summary_large_image","twitter_misc":{"Est. reading time":"5 minutes"},"schema":{"@context":"https:\/\/schema.org","@graph":[{"@type":"WebPage","@id":"https:\/\/daco.al\/visitdurres\/index.php\/shtegu-i-dyerve-te-vjetra\/","url":"https:\/\/daco.al\/visitdurres\/index.php\/shtegu-i-dyerve-te-vjetra\/","name":"Shtegu i Dyerve t\u00eb Vjetra","isPartOf":{"@id":"https:\/\/daco.al\/visitdurres\/#website"},"primaryImageOfPage":{"@id":"https:\/\/daco.al\/visitdurres\/index.php\/shtegu-i-dyerve-te-vjetra\/#primaryimage"},"image":{"@id":"https:\/\/daco.al\/visitdurres\/index.php\/shtegu-i-dyerve-te-vjetra\/#primaryimage"},"thumbnailUrl":"https:\/\/daco.al\/visitdurres\/wp-content\/uploads\/2023\/07\/WhatsApp-Image-2023-07-28-at-10.05.17-3.jpeg","datePublished":"2023-07-27T10:09:35+00:00","dateModified":"2025-10-21T15:34:34+00:00","breadcrumb":{"@id":"https:\/\/daco.al\/visitdurres\/index.php\/shtegu-i-dyerve-te-vjetra\/#breadcrumb"},"inLanguage":"en-US","potentialAction":[{"@type":"ReadAction","target":["https:\/\/daco.al\/visitdurres\/index.php\/shtegu-i-dyerve-te-vjetra\/"]}]},{"@type":"ImageObject","inLanguage":"en-US","@id":"https:\/\/daco.al\/visitdurres\/index.php\/shtegu-i-dyerve-te-vjetra\/#primaryimage","url":"https:\/\/daco.al\/visitdurres\/wp-content\/uploads\/2023\/07\/WhatsApp-Image-2023-07-28-at-10.05.17-3.jpeg","contentUrl":"https:\/\/daco.al\/visitdurres\/wp-content\/uploads\/2023\/07\/WhatsApp-Image-2023-07-28-at-10.05.17-3.jpeg","width":900,"height":1600},{"@type":"BreadcrumbList","@id":"https:\/\/daco.al\/visitdurres\/index.php\/shtegu-i-dyerve-te-vjetra\/#breadcrumb","itemListElement":[{"@type":"ListItem","position":1,"name":"Home","item":"https:\/\/daco.al\/visitdurres\/"},{"@type":"ListItem","position":2,"name":"Shtegu i Dyerve t\u00eb Vjetra"}]},{"@type":"WebSite","@id":"https:\/\/daco.al\/visitdurres\/#website","url":"https:\/\/daco.al\/visitdurres\/","name":"Visitdurres","description":"Vizitoni Durresin","publisher":{"@id":"https:\/\/daco.al\/visitdurres\/#organization"},"potentialAction":[{"@type":"SearchAction","target":{"@type":"EntryPoint","urlTemplate":"https:\/\/daco.al\/visitdurres\/?s={search_term_string}"},"query-input":{"@type":"PropertyValueSpecification","valueRequired":true,"valueName":"search_term_string"}}],"inLanguage":"en-US"},{"@type":"Organization","@id":"https:\/\/daco.al\/visitdurres\/#organization","name":"Visitdurres","url":"https:\/\/daco.al\/visitdurres\/","logo":{"@type":"ImageObject","inLanguage":"en-US","@id":"https:\/\/daco.al\/visitdurres\/#\/schema\/logo\/image\/","url":"https:\/\/daco.al\/visitdurres\/wp-content\/uploads\/2023\/07\/cropped-durres-logo-2.png","contentUrl":"https:\/\/daco.al\/visitdurres\/wp-content\/uploads\/2023\/07\/cropped-durres-logo-2.png","width":456,"height":250,"caption":"Visitdurres"},"image":{"@id":"https:\/\/daco.al\/visitdurres\/#\/schema\/logo\/image\/"}}]}},"_links":{"self":[{"href":"https:\/\/daco.al\/visitdurres\/index.php\/wp-json\/wp\/v2\/pages\/2272","targetHints":{"allow":["GET"]}}],"collection":[{"href":"https:\/\/daco.al\/visitdurres\/index.php\/wp-json\/wp\/v2\/pages"}],"about":[{"href":"https:\/\/daco.al\/visitdurres\/index.php\/wp-json\/wp\/v2\/types\/page"}],"author":[{"embeddable":true,"href":"https:\/\/daco.al\/visitdurres\/index.php\/wp-json\/wp\/v2\/users\/1"}],"replies":[{"embeddable":true,"href":"https:\/\/daco.al\/visitdurres\/index.php\/wp-json\/wp\/v2\/comments?post=2272"}],"version-history":[{"count":47,"href":"https:\/\/daco.al\/visitdurres\/index.php\/wp-json\/wp\/v2\/pages\/2272\/revisions"}],"predecessor-version":[{"id":2863,"href":"https:\/\/daco.al\/visitdurres\/index.php\/wp-json\/wp\/v2\/pages\/2272\/revisions\/2863"}],"wp:attachment":[{"href":"https:\/\/daco.al\/visitdurres\/index.php\/wp-json\/wp\/v2\/media?parent=2272"}],"curies":[{"name":"wp","href":"https:\/\/api.w.org\/{rel}","templated":true}]}}